{"id":515,"date":"2012-07-04T13:29:46","date_gmt":"2012-07-04T16:29:46","guid":{"rendered":"http:\/\/gpaq.relevantes.com.br\/?post_type=project&#038;p=515"},"modified":"2019-09-10T11:59:04","modified_gmt":"2019-09-10T14:59:04","slug":"espacos-adultos","status":"publish","type":"project","link":"https:\/\/gpaq.com.br\/?project=espacos-adultos","title":{"rendered":"Espa\u00e7os Adultos"},"content":{"rendered":"\n<h4 class=\"wp-block-heading\">O QUE \u00c9 O PROJETO?<\/h4>\n\n\n\n<p>O projeto <strong>&#8220;ESPA\u00c7OS &#8211; Adultos&#8221;<\/strong>&nbsp;teve como objetivo:<\/p>\n\n\n\n<ol class=\"wp-block-list\"><li>Conhecer o padr\u00e3o de atividade f\u00edsica e os fatores do ambiente constru\u00eddo e percebido de adultos;<\/li><li>Aumentar a colabora\u00e7\u00e3o e comunica\u00e7\u00e3o entre os pesquisadores da \u00e1rea e estimular a produ\u00e7\u00e3o cient\u00edfica local;<\/li><li>Desenvolver, testar e recomendar m\u00e9todos e instrumentos de medida;<\/li><li>Apoiar os pesquisadores da \u00e1rea na publica\u00e7\u00e3o dessas informa\u00e7\u00f5es;<\/li><li>Comparar dados de pa\u00edses expostos a diferentes ambientes e culturas;<\/li><li>Analisar a associa\u00e7\u00e3o entre o ambiente constru\u00eddo (walkability) e percebido com a atividade f\u00edsica de transporte e com sobrepeso\/obesidade;<\/li><li>Analisar a associa\u00e7\u00e3o entre o ambiente constru\u00eddo (acesso a instala\u00e7\u00f5es recreativas) e percebido com atividade f\u00edsica de lazer e com sobrepeso\/obesidade.<\/li><\/ol>\n\n\n\n<p>O <strong>Projeto ESPA\u00c7OS Adulto<\/strong>s faz parte de um estudo internacional denominado Physical Activity and Environment Network (<strong>IPEN<\/strong>). O <strong>IPEN<\/strong> \u00e9 liderado pelo pesquisador Dr. James Sallis, professor do Departamento de Psicologia da Universidade de San Diego (EUA), e financiado pelo National Institute of Health (NIH), tamb\u00e9m nos EUA. Ao todo, 12 pa\u00edses participaram deste estudo. No Brasil, a cidade de Curitiba foi a representante. Para saber mais sobre o projeto internacional e como participar acesse: <a rel=\"noopener noreferrer\" href=\"http:\/\/www.ipenproject.org\/\" target=\"_blank\">http:\/\/www.ipenproject.org\/<\/a><\/p>\n\n\n\n<p>Em Curitiba o projeto foi realizado entre os meses de agosto a dezembro de 2010. Aproximadamente 400 sujeitos, residentes nos 32 setores censit\u00e1rios com diferentes caracter\u00edsticas ambientais e tamb\u00e9m de diferentes n\u00edveis socioecon\u00f4mico participaram do estudo. Estes, responderam a uma entrevista e ainda usaram um aparelho chamado aceler\u00f4metro.<\/p>\n\n\n\n<p>Aproveite e confira em nossas publica\u00e7\u00f5es, artigos referentes a esse projeto e assista tamb\u00e9m as mat\u00e9rias transmitidas pelo Paran\u00e1 TV sobre alguns resultados do Projeto Espa\u00e7os:<\/p>\n\n\n\n<figure class=\"wp-block-embed\"><div class=\"wp-block-embed__wrapper\">\nhttp:\/\/www.youtube.com\/watch?v=mItvuB0ESaohttp:\/\/imprensapucpr.wordpress.com\/2010\/10\/20\/pucpr-\u2022-pesquisa-sobre-movimentacao-do-corpo\/\n<\/div><\/figure>\n\n\n\n<p><strong>Per\u00edodo de realiza\u00e7\u00e3o:<\/strong> 2010<\/p>\n\n\n\n<p><strong>Coordena\u00e7\u00e3o<\/strong><br>Prof. Dr. Rodrigo Siqueira Reis<br>Prof. Dr. Ciro Rom\u00e9lio Rodriguez A\u00f1ez<\/p>\n\n\n\n<p><strong>Integrantes envolvidos<\/strong><\/p>\n\n\n\n<p>Adalberto Aparecido dos Santos Lopes<br>Adriano Akira Ferreira Hino<br>Alex Vieira Lima<br>Cassiano Ricardo Rech<br>Edina Maria de Camargo<br>Gabrielle Fernandes Pucci<br>Josiane Aparecida Petris<br>Marcelo Ponestki<br>Mariana Reis<br>Marilson Kienteka<br>Monique Stephani Carneiro<br>Priscila Bezerra Gon\u00e7alves<br>Rog\u00e9rio C\u00e9sar Fermino<br>Tais Taiana Sarabia<\/p>\n","protected":false},"excerpt":{"rendered":"<p>O QUE \u00c9 O PROJETO? O projeto &#8220;ESPA\u00c7OS &#8211; Adultos&#8221;&nbsp;teve como objetivo: Conhecer o padr\u00e3o de atividade f\u00edsica e os fatores do ambiente constru\u00eddo e percebido de adultos; Aumentar a colabora\u00e7\u00e3o e comunica\u00e7\u00e3o entre os pesquisadores da \u00e1rea e estimular a produ\u00e7\u00e3o cient\u00edfica local; Desenvolver, testar e recomendar m\u00e9todos e instrumentos de medida; Apoiar os [&hellip;]<\/p>\n","protected":false},"author":3,"featured_media":1953,"comment_status":"open","ping_status":"closed","template":"","meta":{"_et_pb_use_builder":"off","_et_pb_old_content":"O projeto <strong>\"ESPA\u00c7OS - Adultos\"<\/strong>\u00a0teve como objetivo:\r\n<ol>\r\n \t<li>Conhecer o padr\u00e3o de atividade f\u00edsica e os fatores do ambiente constru\u00eddo e percebido de adultos;<\/li>\r\n \t<li>Aumentar a colabora\u00e7\u00e3o e comunica\u00e7\u00e3o entre os pesquisadores da \u00e1rea e estimular a produ\u00e7\u00e3o cient\u00edfica local;<\/li>\r\n \t<li>Desenvolver, testar e recomendar m\u00e9todos e instrumentos de medida;<\/li>\r\n \t<li>Apoiar os pesquisadores da \u00e1rea na publica\u00e7\u00e3o dessas informa\u00e7\u00f5es;<\/li>\r\n \t<li>Comparar dados de pa\u00edses expostos a diferentes ambientes e culturas;<\/li>\r\n \t<li>Analisar a associa\u00e7\u00e3o entre o ambiente constru\u00eddo (walkability) e percebido com a atividade f\u00edsica de transporte e com sobrepeso\/obesidade;<\/li>\r\n \t<li>Analisar a associa\u00e7\u00e3o entre o ambiente constru\u00eddo (acesso a instala\u00e7\u00f5es recreativas) e percebido com atividade f\u00edsica de lazer e com sobrepeso\/obesidade.<\/li>\r\n<\/ol>\r\nO Projeto ESPA\u00c7OS Adultos faz parte de um estudo internacional denominado Physical Activity and Environment Network (IPEN). O IPEN \u00e9 liderado pelo pesquisador Dr. James Sallis, professor do Departamento de Psicologia da Universidade de San Diego (EUA), e financiado pelo National Institute of Health (NIH), tamb\u00e9m nos EUA. Ao todo, 12 pa\u00edses participaram deste estudo. No Brasil, a cidade de Curitiba foi a representante. Para saber mais sobre o projeto internacional e como participar acesse: <a href=\"http:\/\/www.ipenproject.org\/\" target=\"_blank\">http:\/\/www.ipenproject.org\/<\/a>\r\n\r\nEm Curitiba o projeto foi realizado entre os meses de agosto a dezembro de 2010. Aproximadamente 400 sujeitos, residentes nos 32 setores censit\u00e1rios com diferentes caracter\u00edsticas ambientais e tamb\u00e9m de diferentes n\u00edveis socioecon\u00f4mico participaram do estudo. Estes, responderam a uma entrevista e ainda usaram um aparelho chamado aceler\u00f4metro.\r\n\r\nAproveite e confira em nossas publica\u00e7\u00f5es, artigos referentes a esse projeto e assista tamb\u00e9m as mat\u00e9rias transmitidas pelo Paran\u00e1 TV sobre alguns resultados do Projeto Espa\u00e7os:\r\n\r\n<a href=\"http:\/\/www.youtube.com\/watch?v=mItvuB0ESao\" target=\"_blank\">http:\/\/www.youtube.com\/watch?v=mItvuB0ESao<\/a>\r\n<a href=\"http:\/\/imprensapucpr.wordpress.com\/2010\/10\/20\/pucpr-\u2022-pesquisa-sobre-movimentacao-do-corpo\/\" target=\"_blank\">http:\/\/imprensapucpr.wordpress.com\/2010\/10\/20\/pucpr-\u2022-pesquisa-sobre-movimentacao-do-corpo\/<\/a>\r\n\r\n<strong>Per\u00edodo de realiza\u00e7\u00e3o:<\/strong> 2010\r\n\r\n<strong>Coordena\u00e7\u00e3o<\/strong>\r\nProf. Dr. Rodrigo Siqueira Reis\r\nProf. Dr. Ciro Rom\u00e9lio Rodriguez A\u00f1ez\r\n\r\n<strong>Integrantes envolvidos<\/strong>\r\n\r\nAdalberto Aparecido dos Santos Lopes\r\nAdriano Akira Ferreira Hino\r\nAlex Vieira Lima\r\nCassiano Ricardo Rech\r\nEdina Maria de Camargo\r\nGabrielle Fernandes Pucci\r\nJosiane Aparecida Petris\r\nMarcelo Ponestki\r\nMariana Reis\r\nMarilson Kienteka\r\nMonique Stephani Carneiro\r\nPriscila Bezerra Gon\u00e7alves\r\nRog\u00e9rio C\u00e9sar Fermino\r\nTais Taiana Sarabia","footnotes":""},"project_category":[22],"project_tag":[],"class_list":["post-515","project","type-project","status-publish","has-post-thumbnail","hentry","project_category-projetos"],"_links":{"self":[{"href":"https:\/\/gpaq.com.br\/index.php?rest_route=\/wp\/v2\/project\/515","targetHints":{"allow":["GET"]}}],"collection":[{"href":"https:\/\/gpaq.com.br\/index.php?rest_route=\/wp\/v2\/project"}],"about":[{"href":"https:\/\/gpaq.com.br\/index.php?rest_route=\/wp\/v2\/types\/project"}],"author":[{"embeddable":true,"href":"https:\/\/gpaq.com.br\/index.php?rest_route=\/wp\/v2\/users\/3"}],"replies":[{"embeddable":true,"href":"https:\/\/gpaq.com.br\/index.php?rest_route=%2Fwp%2Fv2%2Fcomments&post=515"}],"version-history":[{"count":2,"href":"https:\/\/gpaq.com.br\/index.php?rest_route=\/wp\/v2\/project\/515\/revisions"}],"predecessor-version":[{"id":2914,"href":"https:\/\/gpaq.com.br\/index.php?rest_route=\/wp\/v2\/project\/515\/revisions\/2914"}],"wp:featuredmedia":[{"embeddable":true,"href":"https:\/\/gpaq.com.br\/index.php?rest_route=\/wp\/v2\/media\/1953"}],"wp:attachment":[{"href":"https:\/\/gpaq.com.br\/index.php?rest_route=%2Fwp%2Fv2%2Fmedia&parent=515"}],"wp:term":[{"taxonomy":"project_category","embeddable":true,"href":"https:\/\/gpaq.com.br\/index.php?rest_route=%2Fwp%2Fv2%2Fproject_category&post=515"},{"taxonomy":"project_tag","embeddable":true,"href":"https:\/\/gpaq.com.br\/index.php?rest_route=%2Fwp%2Fv2%2Fproject_tag&post=515"}],"curies":[{"name":"wp","href":"https:\/\/api.w.org\/{rel}","templated":true}]}}